{"id":1241,"date":"2024-12-08T12:56:25","date_gmt":"2024-12-08T12:56:25","guid":{"rendered":"https:\/\/kitabiberbau.ch\/?page_id=1241"},"modified":"2026-02-07T14:34:05","modified_gmt":"2026-02-07T14:34:05","slug":"team-2","status":"publish","type":"page","link":"https:\/\/kitabiberbau.ch\/?page_id=1241","title":{"rendered":"Team Sch\u00f6nenberg"},"content":{"rendered":"<div id=\"cs-content\" class=\"cs-content\"><div class=\"x-section x-hide-sm x-hide-xs e1241-e1 myh-0 myh-1 myh-2\"><div class=\"x-bg\"><div class=\"x-bg-layer-lower-img\"><img decoding=\"async\" src=\"https:\/\/kitabiberbau.ch\/wp-content\/uploads\/2021\/03\/hands-web-1.jpg\" alt=\"Kinderh\u00e4nde\" loading=\"lazy\"\/><\/div><\/div><div class=\"x-row x-container max width e1241-e2 myh-9 myh-a myh-c myh-d\"><div class=\"x-row-inner\"><div class=\"x-col e1241-e3 myh-o myh-p myh-q\"><div class=\"x-text x-content e1241-e4 myh-t myh-u myh-v myh-w myh-x\"><h1 style=\"text-align: center;\"><span style=\"color: #ffffff;\">Team<\/span><\/h1><\/div><\/div><\/div><\/div><\/div><div class=\"x-section x-hide-sm x-hide-xs e1241-e5 myh-0 myh-3 myh-4 myh-5 myh-6\"><div class=\"x-row x-container max width e1241-e6 myh-9 myh-b myh-c myh-e\"><div class=\"x-row-inner\"><div class=\"x-col e1241-e7 myh-o myh-q myh-r\"><div class=\"x-text x-content e1241-e8 myh-t myh-u myh-y myh-z\"><p>Die Arbeit mit Kindern ist vielseitig und anspruchsvoll. <br \/>Sie bringt Freude und motiviert.<strong><br \/><\/strong><\/p><\/div><div class=\"x-text x-content e1241-e9 myh-t myh-u myh-x myh-10 myh-11\"><p style=\"text-align: justify;\">Unser professionelles Team begleitet und unterst\u00fctzt Ihr Kind in seiner Individualit\u00e4t, f\u00f6rdert es gezielt in seiner Entwicklung, in seinem sozialen Verhalten und gestaltet einen abwechslungsreichen Alltag in einer kindgerechten und liebevollen Umgebung. Auch die Anliegen der Eltern nehmen wir entgegen und gehen gerne darauf ein.<\/p><\/div><\/div><\/div><\/div><\/div><div class=\"x-section x-hide-sm x-hide-xs e1241-e10 myh-0 myh-4 myh-6 myh-7\"><div class=\"x-row x-container max width e1241-e11 myh-9 myh-a myh-c myh-f\"><div class=\"x-row-inner\"><div class=\"x-col e1241-e12 myh-o myh-p myh-q\"><div class=\"x-text x-content e1241-e13 myh-t myh-u myh-y myh-z\"><p>Team Kita BiberBau Sch&ouml;nenberg<\/p><\/div><div class=\"x-text x-content e1241-e14 myh-t myh-u myh-x myh-10 myh-12\"><p style=\"text-align: center;\">Gerne stellen wir Ihnen hier unser Team<br \/>der Kita BiberBau in Sch&ouml;nenberg vor.<\/p><\/div><\/div><\/div><\/div><\/div><div class=\"x-section x-hide-sm x-hide-xs e1241-e15 myh-0 myh-2 myh-3 myh-4 myh-8\"><div class=\"x-row x-container max width e1241-e16 myh-9 myh-a myh-c myh-g\"><div class=\"x-row-inner\"><div class=\"x-col e1241-e17 myh-o myh-p myh-q\"><div  class=\"x-card-outer flip-from-bottom center-vertically\" data-x-element=\"classic_card\"><div class=\"x-card-inner\"><div class=\"x-face-outer front\" style=\"border-width: 8px 8px 8px 8px; border-style: none; border-color: #2772a4; color: #ffffff; background-color: transparent;\"><div class=\"x-face-inner\"><div class=\"x-face-content\" style=\"padding: 2% 2% 2% 2%;\"><div class=\"x-face-graphic\"><img decoding=\"async\" style=\"margin: 0; width: 100%;\" src=\"https:\/\/kitabiberbau.ch\/wp-content\/uploads\/2021\/04\/Dani-und-Jasmin_640x640.jpg\"><\/div><h4 class=\"x-face-title\"> <\/h4><p class=\"x-face-text\"> <\/p><\/div><\/div><\/div><div class=\"x-face-outer back\" style=\"border-width: 8px 8px 8px 8px; border-style: none; border-color: #744288; color: #ffffff; background-color: #82368c;\"><div class=\"x-face-inner\"><div class=\"x-face-content\" style=\"padding: 2% 2% 2% 2%;\"><h4 class=\"x-face-title\">Dani und Jasmin Costa, Gesch\u00e4ftsleiter<\/h4><p class=\"x-face-text\">\"Im Mittelpunkt steht immer das Kind\u00bb Als Eltern von 3 Kindern d\u00fcrfen wir miterleben, wie sie sich t\u00e4glich weiter entwickeln und immer wieder Neues dazu lernen. Gerne lassen wir uns in diese zauberhafte Kinderwelt entf\u00fchren, in der es so viele in Vergessenheit geratene Wunder zu entdecken gibt. \n\u00abManchmal sind es die kleinsten Dinge, welche den meisten Platz in deinem Herzen einnehmen\u00bb  Winnie Puuh\"<\/p><\/div><\/div><\/div><\/div><\/div><\/div><div class=\"x-col e1241-e19 myh-o myh-p myh-q\"><div  class=\"x-card-outer flip-from-bottom center-vertically\" data-x-element=\"classic_card\"><div class=\"x-card-inner\"><div class=\"x-face-outer front\" style=\"border-width: 8px 8px 8px 8px; border-style: none; border-color: #2772a4; color: #ffffff; background-color: transparent;\"><div class=\"x-face-inner\"><div class=\"x-face-content\" style=\"padding: 2% 2% 2% 2%;\"><div class=\"x-face-graphic\"><img decoding=\"async\" style=\"margin: 0; width: 100%;\" src=\"https:\/\/kitabiberbau.ch\/wp-content\/uploads\/2021\/04\/Anja-Hartnack_640x640.jpg\"><\/div><h4 class=\"x-face-title\"> <\/h4><p class=\"x-face-text\"> <\/p><\/div><\/div><\/div><div class=\"x-face-outer back\" style=\"border-width: 8px 8px 8px 8px; border-style: none; border-color: #744288; color: #ffffff; background-color: #e30613;\"><div class=\"x-face-inner\"><div class=\"x-face-content\" style=\"padding: 2% 2% 2% 2%;\"><h4 class=\"x-face-title\">Anja Kessler, Institutionsleiterin<\/h4><p class=\"x-face-text\">\"Meine Geduld und verst\u00e4ndnisvolle Art zeichnen mich bei der Arbeit mit den Kindern aus.\n\nViel Freude bereitet es mir, die Kinder in ihrer Entwicklung zu begleiten und zu f\u00f6rdern.\n\nDas Lachen und die Freude von Kindern geben mir viel zur\u00fcck: Jeder Tag ist einzigartig!\"<\/p><\/div><\/div><\/div><\/div><\/div><\/div><div class=\"x-col e1241-e21 myh-o myh-p myh-q\"><div  class=\"x-card-outer flip-from-bottom center-vertically\" data-x-element=\"classic_card\"><div class=\"x-card-inner\"><div class=\"x-face-outer front\" style=\"border-width: 8px 8px 8px 8px; border-style: none; border-color: #2772a4; color: #ffffff; background-color: transparent;\"><div class=\"x-face-inner\"><div class=\"x-face-content\" style=\"padding: 2% 2% 2% 2%;\"><div class=\"x-face-graphic\"><img decoding=\"async\" style=\"margin: 0; width: 100%;\" src=\"https:\/\/kitabiberbau.ch\/wp-content\/uploads\/2025\/01\/SM.jpg\"><\/div><h4 class=\"x-face-title\"> <\/h4><p class=\"x-face-text\"> <\/p><\/div><\/div><\/div><div class=\"x-face-outer back\" style=\"border-width: 8px 8px 8px 8px; border-style: none; border-color: #744288; color: #ffffff; background-color: #00983a;\"><div class=\"x-face-inner\"><div class=\"x-face-content\" style=\"padding: 2% 2% 2% 2%;\"><h4 class=\"x-face-title\">Stefanie M\u00fchlemann, Standortleiterin<\/h4><p class=\"x-face-text\">\"T\u00e4glich strebe ich an, eine wohlwollende, wertsch\u00e4tzende und transparente Atmosph\u00e4re im Team zu schaffen, die auch mit den Eltern und Kindern gelebt wird. Diese wertvolle Gemeinschaft schafft Raum f\u00fcr Kreativit\u00e4t, Weiterentwicklung und Geborgenheit, um in einem sicheren Umfeld Erfahrungen zu sammeln.\"<\/p><\/div><\/div><\/div><\/div><\/div><\/div><\/div><\/div><div class=\"x-row x-container max width e1241-e23 myh-9 myh-a myh-c myh-h\"><div class=\"x-row-inner\"><div class=\"x-col e1241-e24 myh-o myh-p myh-q\"><div  class=\"x-card-outer flip-from-bottom center-vertically\" data-x-element=\"classic_card\"><div class=\"x-card-inner\"><div class=\"x-face-outer front\" style=\"border-width: 8px 8px 8px 8px; border-style: none; border-color: #2772a4; color: #ffffff; background-color: transparent;\"><div class=\"x-face-inner\"><div class=\"x-face-content\" style=\"padding: 2% 2% 2% 2%;\"><div class=\"x-face-graphic\"><img decoding=\"async\" style=\"margin: 0; width: 100%;\" src=\"https:\/\/kitabiberbau.ch\/wp-content\/uploads\/2025\/01\/Kim.jpg\"><\/div><h4 class=\"x-face-title\"> <\/h4><p class=\"x-face-text\"> <\/p><\/div><\/div><\/div><div class=\"x-face-outer back\" style=\"border-width: 8px 8px 8px 8px; border-style: none; border-color: #744288; color: #ffffff; background-color: hsl(325, 50%, 78%);\"><div class=\"x-face-inner\"><div class=\"x-face-content\" style=\"padding: 2% 2% 2% 2%;\"><h4 class=\"x-face-title\">Kim S\u00fcsstrunk, Gruppenleiterin\/Stv. Standortleiterin<\/h4><p class=\"x-face-text\">\u00abMein Ziel im Alltag ist es, den Kindern einen geborgenen und gesch\u00fctzen Raum zu bieten, indem sie lernen, forschen und entdecken k\u00f6nnen. Dabei sollen sie als einzigartige Individuen wahrgenommen werden und in ihren allt\u00e4glichen Aufgaben begleitet und unterst\u00fctzt werden.\u00bb<\/p><\/div><\/div><\/div><\/div><\/div><div  class=\"x-card-outer flip-from-bottom center-vertically\" data-x-element=\"classic_card\"><div class=\"x-card-inner\"><div class=\"x-face-outer front\" style=\"border-width: 8px 8px 8px 8px; border-style: none; border-color: #2772a4; color: #ffffff; background-color: transparent;\"><div class=\"x-face-inner\"><div class=\"x-face-content\" style=\"padding: 2% 2% 2% 2%;\"><div class=\"x-face-graphic\"><img decoding=\"async\" style=\"margin: 0; width: full;\" src=\"https:\/\/kitabiberbau.ch\/wp-content\/uploads\/2025\/01\/Mirsade.jpg\"><\/div><h4 class=\"x-face-title\"> <\/h4><p class=\"x-face-text\"> <\/p><\/div><\/div><\/div><div class=\"x-face-outer back\" style=\"border-width: 8px 8px 8px 8px; border-style: none; border-color: #744288; color: #ffffff; background-color: hsl(48, 100%, 30%);\"><div class=\"x-face-inner\"><div class=\"x-face-content\" style=\"padding: 2% 2% 2% 2%;\"><h4 class=\"x-face-title\">Mirsade Ameti, Miterzieherin<\/h4><p class=\"x-face-text\">\u00abIn den Augen eines Kindes liegt das Gl\u00fcck der ganzen Welt. Sie sind Experten darin, zu zeigen, was wirklich z\u00e4hlt - Liebe, Lachen & Gl\u00fcck.\"<\/p><\/div><\/div><\/div><\/div><\/div><div  class=\"x-card-outer flip-from-bottom center-vertically\" data-x-element=\"classic_card\"><div class=\"x-card-inner\"><div class=\"x-face-outer front\" style=\"border-width: 8px 8px 8px 8px; border-style: none; border-color: #2772a4; color: #ffffff; background-color: transparent;\"><div class=\"x-face-inner\"><div class=\"x-face-content\" style=\"padding: 2% 2% 2% 2%;\"><div class=\"x-face-graphic\"><img decoding=\"async\" style=\"margin: 0; width: 100%;\" src=\"https:\/\/kitabiberbau.ch\/wp-content\/uploads\/2025\/01\/Bea.jpg\"><\/div><h4 class=\"x-face-title\"> <\/h4><p class=\"x-face-text\"> <\/p><\/div><\/div><\/div><div class=\"x-face-outer back\" style=\"border-width: 8px 8px 8px 8px; border-style: none; border-color: #744288; color: #ffffff; background-color: hsl(310, 100%, 59%);\"><div class=\"x-face-inner\"><div class=\"x-face-content\" style=\"padding: 2% 2% 2% 2%;\"><h4 class=\"x-face-title\">Beatrix S\u00fcsstrunk, Assistentin<\/h4><p class=\"x-face-text\">\"Ein Lachen auf die Gesichter der Kinder zu  bringen, bereitet mir grosse Freude. Die Kinder durch den Kitaalltag zu begleiten, deren Fortschritte zu beobachten und zu unterst\u00fctzen, motiviert und begeistert mich jedes Mal im Kitaalltag.\"<\/p><\/div><\/div><\/div><\/div><\/div><\/div><div class=\"x-col e1241-e28 myh-o myh-p myh-q\"><div  class=\"x-card-outer flip-from-bottom center-vertically\" data-x-element=\"classic_card\"><div class=\"x-card-inner\"><div class=\"x-face-outer front\" style=\"border-width: 8px 8px 8px 8px; border-style: none; border-color: #2772a4; color: #ffffff; background-color: transparent;\"><div class=\"x-face-inner\"><div class=\"x-face-content\" style=\"padding: 2% 2% 2% 2%;\"><div class=\"x-face-graphic\"><img decoding=\"async\" style=\"margin: 0; width: 100%; auto;\" src=\"https:\/\/kitabiberbau.ch\/wp-content\/uploads\/2025\/01\/Damaris-1.jpg\"><\/div><h4 class=\"x-face-title\"> <\/h4><p class=\"x-face-text\"> <\/p><\/div><\/div><\/div><div class=\"x-face-outer back\" style=\"border-width: 8px 8px 8px 8px; border-style: none; border-color: #744288; color: #ffffff; background-color: #ea5b0c;\"><div class=\"x-face-inner\"><div class=\"x-face-content\" style=\"padding: 2% 2% 2% 2%;\"><h4 class=\"x-face-title\">Damaris Grossmann, Miterzieherin<\/h4><p class=\"x-face-text\">\"Ich liebe es, mit so vielen einzigartigen und wundervollen kleinen Menschen arbeiten zu d\u00fcrfen. Es ist eine Freude, die Welt durch die Augen der Kinder zu erleben.\"<\/p><\/div><\/div><\/div><\/div><\/div><div  class=\"x-card-outer flip-from-bottom center-vertically\" data-x-element=\"classic_card\"><div class=\"x-card-inner\"><div class=\"x-face-outer front\" style=\"border-width: 8px 8px 8px 8px; border-style: none; border-color: #2772a4; color: #ffffff; background-color: transparent;\"><div class=\"x-face-inner\"><div class=\"x-face-content\" style=\"padding: 2% 2% 2% 2%;\"><div class=\"x-face-graphic\"><img decoding=\"async\" style=\"margin: 0; width: 100%;\" src=\"https:\/\/kitabiberbau.ch\/wp-content\/uploads\/2025\/01\/Cornelia.jpg\"><\/div><h4 class=\"x-face-title\"> <\/h4><p class=\"x-face-text\"> <\/p><\/div><\/div><\/div><div class=\"x-face-outer back\" style=\"border-width: 8px 8px 8px 8px; border-style: none; border-color: #744288; color: #ffffff; background-color: #27348b;\"><div class=\"x-face-inner\"><div class=\"x-face-content\" style=\"padding: 2% 2% 2% 2%;\"><h4 class=\"x-face-title\">Cornelia Str\u00e4ssle, Assistentin<\/h4><p class=\"x-face-text\">\u00abMir ist es wichtig, jedes Kind als individuelle Pers\u00f6nlichkeit zu sehen und in seiner Entwicklung zu unterst\u00fctzen. Ich schaffe eine vertrauensvolle, wertsch\u00e4tzende und liebevolle Umgebung, in der sich die Kinder frei entfalten k\u00f6nnen und sich jedes Kind gesehen und verstanden f\u00fchlt.\u00bb<\/p><\/div><\/div><\/div><\/div><\/div><div  class=\"x-card-outer flip-from-bottom center-vertically\" data-x-element=\"classic_card\"><div class=\"x-card-inner\"><div class=\"x-face-outer front\" style=\"border-width: 8px 8px 8px 8px; border-style: none; border-color: #2772a4; color: #ffffff; background-color: transparent;\"><div class=\"x-face-inner\"><div class=\"x-face-content\" style=\"padding: 2% 2% 2% 2%;\"><div class=\"x-face-graphic\"><img decoding=\"async\" style=\"margin: 0; width: 100%;\" src=\"https:\/\/kitabiberbau.ch\/wp-content\/uploads\/2025\/01\/Doreen.jpg\"><\/div><h4 class=\"x-face-title\"> <\/h4><p class=\"x-face-text\"> <\/p><\/div><\/div><\/div><div class=\"x-face-outer back\" style=\"border-width: 8px 8px 8px 8px; border-style: none; border-color: #744288; color: #ffffff; background-color: hsl(180, 92%, 19%);\"><div class=\"x-face-inner\"><div class=\"x-face-content\" style=\"padding: 2% 2% 2% 2%;\"><h4 class=\"x-face-title\">Doreen G\u00f6tz, Assistentin<\/h4><p class=\"x-face-text\">\u00abIch liebe es, Kinder auf ihrem Weg zu begleiten, sie zu f\u00f6rdern oder zu fordern und ihnen wenn n\u00f6tig unterst\u00fctzend zur Seite zu stehen. Kinder sind G\u00e4ste, die nach dem Weg fragen. Ihr L\u00e4cheln erhellt die Seele.\u00bb<\/p><\/div><\/div><\/div><\/div><\/div><\/div><div class=\"x-col e1241-e32 myh-o myh-p myh-q\"><div  class=\"x-card-outer flip-from-bottom center-vertically\" data-x-element=\"classic_card\"><div class=\"x-card-inner\"><div class=\"x-face-outer front\" style=\"border-width: 8px 8px 8px 8px; border-style: none; border-color: #2772a4; color: #ffffff; background-color: transparent;\"><div class=\"x-face-inner\"><div class=\"x-face-content\" style=\"padding: 2% 2% 2% 2%;\"><div class=\"x-face-graphic\"><img decoding=\"async\" style=\"margin: 0; width: 100%;\" src=\"https:\/\/kitabiberbau.ch\/wp-content\/uploads\/2025\/01\/manoela.jpg\"><\/div><h4 class=\"x-face-title\"> <\/h4><p class=\"x-face-text\"> <\/p><\/div><\/div><\/div><div class=\"x-face-outer back\" style=\"border-width: 8px 8px 8px 8px; border-style: none; border-color: #744288; color: #ffffff; background-color: hsl(41, 100%, 59%);\"><div class=\"x-face-inner\"><div class=\"x-face-content\" style=\"padding: 2% 2% 2% 2%;\"><h4 class=\"x-face-title\">Manoela Below, Miterzieherin<\/h4><p class=\"x-face-text\">\"Man darf nicht verlernen, die Welt mit den Augen eines Kindes zu sehen. Ich tauche gerne mit den Kindern in ihre Welt hinen und erlebe was sie erleben.\" <\/p><\/div><\/div><\/div><\/div><\/div><div  class=\"x-card-outer flip-from-bottom center-vertically\" data-x-element=\"classic_card\"><div class=\"x-card-inner\"><div class=\"x-face-outer front\" style=\"border-width: 8px 8px 8px 8px; border-style: none; border-color: #2772a4; color: #ffffff; background-color: transparent;\"><div class=\"x-face-inner\"><div class=\"x-face-content\" style=\"padding: 2% 2% 2% 2%;\"><div class=\"x-face-graphic\"><img decoding=\"async\" style=\"margin: 0; width: 100%;\" src=\"https:\/\/kitabiberbau.ch\/wp-content\/uploads\/2025\/08\/Timea-Haenni-2.jpg\"><\/div><h4 class=\"x-face-title\"> <\/h4><p class=\"x-face-text\"> <\/p><\/div><\/div><\/div><div class=\"x-face-outer back\" style=\"border-width: 8px 8px 8px 8px; border-style: none; border-color: #744288; color: #ffffff; background-color: hsl(197, 34%, 37%);\"><div class=\"x-face-inner\"><div class=\"x-face-content\" style=\"padding: 2% 2% 2% 2%;\"><h4 class=\"x-face-title\">Timea H\u00e4nni, Lernende 1. Lehrjahr<\/h4><p class=\"x-face-text\">\u00abIch staune \u00fcber die Freude, die die Kinder ausstrahlen und mit der sie mich anstecken. Und ich freue mich riesig darauf, die Entwicklung der Kinder beobachten und sie im Alltag begleiten zu d\u00fcrfen.\u00bb<\/p><\/div><\/div><\/div><\/div><\/div><\/div><\/div><\/div><div class=\"x-row x-container max width e1241-e35 myh-9 myh-a myh-c myh-i\"><div class=\"x-row-inner\"><div class=\"x-col e1241-e36 myh-o myh-p myh-q\"><\/div><div class=\"x-col e1241-e37 myh-o myh-p myh-q\"><\/div><div class=\"x-col e1241-e38 myh-o myh-p myh-q\"><\/div><\/div><\/div><\/div><div class=\"x-section x-hide-lg x-hide-md x-hide-xl e1241-e39 myh-0 myh-1 myh-2\"><div class=\"x-bg\"><div class=\"x-bg-layer-lower-img\"><img decoding=\"async\" src=\"https:\/\/kitabiberbau.ch\/wp-content\/uploads\/2021\/03\/hands-web-1.jpg\" alt=\"Kinderh\u00e4nde\" loading=\"lazy\"\/><\/div><\/div><div class=\"x-row x-container max width e1241-e40 myh-9 myh-a myh-c myh-j\"><div class=\"x-row-inner\"><div class=\"x-col e1241-e41 myh-o myh-p myh-q\"><div class=\"x-text x-content e1241-e42 myh-t myh-u myh-v myh-x myh-12\"><h2 style=\"text-align: center;\"><span style=\"color: #ffffff;\">Team<\/span><\/h2><\/div><\/div><\/div><\/div><\/div><div class=\"x-section x-hide-lg x-hide-md x-hide-xl e1241-e43 myh-0 myh-3 myh-4 myh-5 myh-6\"><div class=\"x-row x-container max width e1241-e44 myh-9 myh-b myh-c myh-k\"><div class=\"x-row-inner\"><div class=\"x-col e1241-e45 myh-o myh-q myh-r\"><div class=\"x-text x-content e1241-e46 myh-t myh-y myh-13\"><p style=\"text-align: center;\">Die Arbeit mit Kindern ist vielseitig und anspruchsvoll. <br \/>Sie bringt Freude und motiviert.<br \/><br \/><\/p><\/div><div class=\"x-text x-content e1241-e47 myh-t myh-u myh-x myh-10 myh-14\"><p style=\"text-align: justify;\">Unser professionelles Team begleitet und unterst&uuml;tzt Ihr Kind in seiner Individualit&auml;t, f&ouml;rdert es gezielt in seiner Entwicklung, in seinem sozialen Verhalten und gestaltet einen abwechslungsreichen Alltag in einer kindgerechten und liebevollen Umgebung. Auch die Anliegen der Eltern nehmen wir entgegen und gehen gerne darauf ein.<\/p><\/div><\/div><\/div><\/div><\/div><div class=\"x-section x-hide-lg x-hide-md x-hide-xl e1241-e48 myh-0 myh-4 myh-6 myh-7\"><div class=\"x-row x-container max width e1241-e49 myh-9 myh-a myh-c myh-l\"><div class=\"x-row-inner\"><div class=\"x-col e1241-e50 myh-o myh-p myh-q\"><div class=\"x-text x-content e1241-e51 myh-t myh-y myh-13\"><p>Team von Kita BiberBau<\/p><\/div><div class=\"x-text x-content e1241-e52 myh-t myh-u myh-x myh-10 myh-14\"><p style=\"text-align: center;\">Gerne stellen wir Ihnen hier unser Team<br \/>der Kita BiberBau Sch&ouml;nenberg vor.<\/p><\/div><\/div><\/div><\/div><\/div><div class=\"x-section x-hide-lg x-hide-md x-hide-xl e1241-e53 myh-0 myh-2 myh-3 myh-4 myh-8\"><div class=\"x-row x-container max width e1241-e54 myh-9 myh-a myh-c myh-m\"><div class=\"x-row-inner\"><div class=\"x-col e1241-e55 myh-o myh-p myh-s\"><div  class=\"x-card-outer flip-from-bottom center-vertically\" data-x-element=\"classic_card\"><div class=\"x-card-inner\"><div class=\"x-face-outer front\" style=\"border-width: 8px 8px 8px 8px; border-style: none; border-color: #2772a4; color: #ffffff; background-color: transparent;\"><div class=\"x-face-inner\"><div class=\"x-face-content\" style=\"padding: 2% 2% 2% 2%;\"><div class=\"x-face-graphic\"><img decoding=\"async\" style=\"margin: 0; width: 100%;\" src=\"https:\/\/kitabiberbau.ch\/wp-content\/uploads\/2021\/04\/Dani-und-Jasmin_640x640.jpg\"><\/div><h4 class=\"x-face-title\"> <\/h4><p class=\"x-face-text\"> <\/p><\/div><\/div><\/div><div class=\"x-face-outer back\" style=\"border-width: 8px 8px 8px 8px; border-style: none; border-color: #744288; color: #ffffff; background-color: #82368c;\"><div class=\"x-face-inner\"><div class=\"x-face-content\" style=\"padding: 2% 2% 2% 2%;\"><h4 class=\"x-face-title\">Dani & Jasmin Costa, Gesch\u00e4ftsleitung<\/h4><p class=\"x-face-text\">\u00abAls Eltern von 3 Kindern lassen wir uns gerne in ihre zauberhafte Welt entf\u00fchren, in der es so viele in Vergessenheit geratene Wunder zu entdecken gibt. \n\u00abManchmal sind es die kleinsten Dinge, welche den meisten Platz in deinem Herzen einnehmen\u00bb  Winnie Puuh<\/p><\/div><\/div><\/div><\/div><\/div><\/div><div class=\"x-col e1241-e57 myh-o myh-p myh-s\"><div  class=\"x-card-outer flip-from-bottom center-vertically\" data-x-element=\"classic_card\"><div class=\"x-card-inner\"><div class=\"x-face-outer front\" style=\"border-width: 8px 8px 8px 8px; border-style: none; border-color: #2772a4; color: #ffffff; background-color: transparent;\"><div class=\"x-face-inner\"><div class=\"x-face-content\" style=\"padding: 2% 2% 2% 2%;\"><div class=\"x-face-graphic\"><img decoding=\"async\" style=\"margin: 0; width: 100%;\" src=\"https:\/\/kitabiberbau.ch\/wp-content\/uploads\/2021\/04\/Anja-Hartnack_640x640.jpg\"><\/div><h4 class=\"x-face-title\"> <\/h4><p class=\"x-face-text\"> <\/p><\/div><\/div><\/div><div class=\"x-face-outer back\" style=\"border-width: 8px 8px 8px 8px; border-style: none; border-color: #744288; color: #ffffff; background-color: #e30613;\"><div class=\"x-face-inner\"><div class=\"x-face-content\" style=\"padding: 2% 2% 2% 2%;\"><h4 class=\"x-face-title\">Anja Kessler, Institutionsleiterin<\/h4><p class=\"x-face-text\">\"Meine Geduld und verst\u00e4ndnisvolle Art zeichnen mich bei der Arbeit mit den Kindern aus.\n\nViel Freude bereitet es mir, die Kinder in ihrer Entwicklung zu begleiten und zu f\u00f6rdern.\n\nDas Lachen und die Freude von Kindern geben mir viel zur\u00fcck: Jeder Tag ist einzigartig!\"<\/p><\/div><\/div><\/div><\/div><\/div><\/div><div class=\"x-col e1241-e59 myh-o myh-p myh-s\"><div  class=\"x-card-outer flip-from-bottom center-vertically\" data-x-element=\"classic_card\"><div class=\"x-card-inner\"><div class=\"x-face-outer front\" style=\"border-width: 8px 8px 8px 8px; border-style: none; border-color: #2772a4; color: #ffffff; background-color: transparent;\"><div class=\"x-face-inner\"><div class=\"x-face-content\" style=\"padding: 2% 2% 2% 2%;\"><div class=\"x-face-graphic\"><img decoding=\"async\" style=\"margin: 0; width: 100%;\" src=\"https:\/\/kitabiberbau.ch\/wp-content\/uploads\/2025\/01\/SM.jpg\"><\/div><h4 class=\"x-face-title\"> <\/h4><p class=\"x-face-text\"> <\/p><\/div><\/div><\/div><div class=\"x-face-outer back\" style=\"border-width: 8px 8px 8px 8px; border-style: none; border-color: #744288; color: #ffffff; background-color: #00983a;\"><div class=\"x-face-inner\"><div class=\"x-face-content\" style=\"padding: 2% 2% 2% 2%;\"><h4 class=\"x-face-title\">Stefanie M\u00fchlemann, Standortleiterin<\/h4><p class=\"x-face-text\">\"T\u00e4glich strebe ich an, eine wohlwollende, wertsch\u00e4tzende und transparente Atmosph\u00e4re im Team zu schaffen, die auch mit den Eltern und Kindern gelebt wird. Diese wertvolle Gemeinschaft schafft Raum f\u00fcr Kreativit\u00e4t, Weiterentwicklung und Geborgenheit, um in einem sicheren Umfeld Erfahrungen zu sammeln.\"<\/p><\/div><\/div><\/div><\/div><\/div><div  class=\"x-card-outer flip-from-bottom center-vertically\" data-x-element=\"classic_card\"><div class=\"x-card-inner\"><div class=\"x-face-outer front\" style=\"border-width: 8px 8px 8px 8px; border-style: none; border-color: #2772a4; color: #ffffff; background-color: transparent;\"><div class=\"x-face-inner\"><div class=\"x-face-content\" style=\"padding: 2% 2% 2% 2%;\"><div class=\"x-face-graphic\"><img decoding=\"async\" style=\"margin: 0; width: 100%;\" src=\"https:\/\/kitabiberbau.ch\/wp-content\/uploads\/2025\/01\/Kim.jpg\"><\/div><h4 class=\"x-face-title\"> <\/h4><p class=\"x-face-text\"> <\/p><\/div><\/div><\/div><div class=\"x-face-outer back\" style=\"border-width: 8px 8px 8px 8px; border-style: none; border-color: #744288; color: #ffffff; background-color: hsl(325, 50%, 78%);\"><div class=\"x-face-inner\"><div class=\"x-face-content\" style=\"padding: 2% 2% 2% 2%;\"><h4 class=\"x-face-title\">Kim S\u00fcsstrunk, Gruppenleiterin\/Stv.Standortleiterin<\/h4><p class=\"x-face-text\">\u00abMein Ziel im Alltag ist es, den Kindern einen geborgenen und gesch\u00fctzen Raum zu bieten, indem sie lernen, forschen und entdecken k\u00f6nnen. Dabei sollen sie als einzigartige Individuen wahrgenommen werden und in ihren allt\u00e4glichen Aufgaben begleitet und unterst\u00fctzt werden.\u00bb<\/p><\/div><\/div><\/div><\/div><\/div><\/div><\/div><\/div><div class=\"x-row x-container max width e1241-e62 myh-9 myh-a myh-c myh-n\"><div class=\"x-row-inner\"><div class=\"x-col e1241-e63 myh-o myh-p myh-s\"><div  class=\"x-card-outer flip-from-bottom center-vertically\" data-x-element=\"classic_card\"><div class=\"x-card-inner\"><div class=\"x-face-outer front\" style=\"border-width: 8px 8px 8px 8px; border-style: none; border-color: #2772a4; color: #ffffff; background-color: transparent;\"><div class=\"x-face-inner\"><div class=\"x-face-content\" style=\"padding: 2% 2% 2% 2%;\"><div class=\"x-face-graphic\"><img decoding=\"async\" style=\"margin: 0; width: 100%;\" src=\"https:\/\/kitabiberbau.ch\/wp-content\/uploads\/2025\/01\/Damaris-1.jpg\"><\/div><h4 class=\"x-face-title\"> <\/h4><p class=\"x-face-text\"> <\/p><\/div><\/div><\/div><div class=\"x-face-outer back\" style=\"border-width: 8px 8px 8px 8px; border-style: none; border-color: #744288; color: #ffffff; background-color: #ea5b0c;\"><div class=\"x-face-inner\"><div class=\"x-face-content\" style=\"padding: 2% 2% 2% 2%;\"><h4 class=\"x-face-title\">Damaris Grossmann, Miterzieherin<\/h4><p class=\"x-face-text\">\"Ich liebe es, mit so vielen einzigartigen und wundervollen kleinen Menschen arbeiten zu d\u00fcrfen. Es ist eine Freude, die Welt durch die Augen der Kinder zu erleben.\"<\/p><\/div><\/div><\/div><\/div><\/div><\/div><div class=\"x-col e1241-e65 myh-o myh-p myh-s\"><div  class=\"x-card-outer flip-from-bottom center-vertically\" data-x-element=\"classic_card\"><div class=\"x-card-inner\"><div class=\"x-face-outer front\" style=\"border-width: 8px 8px 8px 8px; border-style: none; border-color: #2772a4; color: #ffffff; background-color: transparent;\"><div class=\"x-face-inner\"><div class=\"x-face-content\" style=\"padding: 2% 2% 2% 2%;\"><div class=\"x-face-graphic\"><img decoding=\"async\" style=\"margin: 0; width: 100%;\" src=\"https:\/\/kitabiberbau.ch\/wp-content\/uploads\/2025\/01\/manoela.jpg\"><\/div><h4 class=\"x-face-title\"> <\/h4><p class=\"x-face-text\"> <\/p><\/div><\/div><\/div><div class=\"x-face-outer back\" style=\"border-width: 8px 8px 8px 8px; border-style: none; border-color: #744288; color: #ffffff; background-color: hsl(41, 100%, 59%);\"><div class=\"x-face-inner\"><div class=\"x-face-content\" style=\"padding: 2% 2% 2% 2%;\"><h4 class=\"x-face-title\">Manoela Below, Miterzieherin<\/h4><p class=\"x-face-text\">\"Man darf nicht verlernen, die Welt mit den Augen eines Kindes zu sehen. Ich tauche gerne mit den Kindern in ihre Welt hinein und erlebe was sie erleben.\"<\/p><\/div><\/div><\/div><\/div><\/div><div  class=\"x-card-outer flip-from-bottom center-vertically\" data-x-element=\"classic_card\"><div class=\"x-card-inner\"><div class=\"x-face-outer front\" style=\"border-width: 8px 8px 8px 8px; border-style: none; border-color: #2772a4; color: #ffffff; background-color: transparent;\"><div class=\"x-face-inner\"><div class=\"x-face-content\" style=\"padding: 2% 2% 2% 2%;\"><div class=\"x-face-graphic\"><img decoding=\"async\" style=\"margin: 0; width: 100%;\" src=\"https:\/\/kitabiberbau.ch\/wp-content\/uploads\/2025\/01\/Mirsade.jpg\"><\/div><h4 class=\"x-face-title\"> <\/h4><p class=\"x-face-text\"> <\/p><\/div><\/div><\/div><div class=\"x-face-outer back\" style=\"border-width: 8px 8px 8px 8px; border-style: none; border-color: #744288; color: #ffffff; background-color: hsl(48, 100%, 30%);\"><div class=\"x-face-inner\"><div class=\"x-face-content\" style=\"padding: 2% 2% 2% 2%;\"><h4 class=\"x-face-title\">Mirsade Ameti, Miterzieherin<\/h4><p class=\"x-face-text\">\"In den Augen eines Kindes liegt das Gl\u00fcck der ganzen Welt. Sie sind Experten darin, zu zeigen, was wirklich z\u00e4hlt - Liebe, Lachen & Gl\u00fcck..\"<\/p><\/div><\/div><\/div><\/div><\/div><div  class=\"x-card-outer flip-from-bottom center-vertically\" data-x-element=\"classic_card\"><div class=\"x-card-inner\"><div class=\"x-face-outer front\" style=\"border-width: 8px 8px 8px 8px; border-style: none; border-color: #2772a4; color: #ffffff; background-color: transparent;\"><div class=\"x-face-inner\"><div class=\"x-face-content\" style=\"padding: 2% 2% 2% 2%;\"><div class=\"x-face-graphic\"><img decoding=\"async\" style=\"margin: 0; width: 100%;\" src=\"https:\/\/kitabiberbau.ch\/wp-content\/uploads\/2025\/01\/Cornelia.jpg\"><\/div><h4 class=\"x-face-title\"> <\/h4><p class=\"x-face-text\"> <\/p><\/div><\/div><\/div><div class=\"x-face-outer back\" style=\"border-width: 8px 8px 8px 8px; border-style: none; border-color: #744288; color: #ffffff; background-color: #27348b;\"><div class=\"x-face-inner\"><div class=\"x-face-content\" style=\"padding: 2% 2% 2% 2%;\"><h4 class=\"x-face-title\">Cornelia Str\u00e4ssle, Assistentin<\/h4><p class=\"x-face-text\">\u00abMir ist es wichtig, jedes Kind als individuelle Pers\u00f6nlichkeit zu sehen und in seiner Entwicklung zu unterst\u00fctzen. Ich schaffe eine vertrauensvolle, wertsch\u00e4tzende und liebevolle Umgebung, in der sich die Kinder frei entfalten k\u00f6nnen und sich jedes Kind gesehen und verstanden f\u00fchlt.\u00bb<\/p><\/div><\/div><\/div><\/div><\/div><\/div><div class=\"x-col e1241-e69 myh-o myh-p myh-s\"><div  class=\"x-card-outer flip-from-bottom center-vertically\" data-x-element=\"classic_card\"><div class=\"x-card-inner\"><div class=\"x-face-outer front\" style=\"border-width: 8px 8px 8px 8px; border-style: none; border-color: #2772a4; color: #ffffff; background-color: transparent;\"><div class=\"x-face-inner\"><div class=\"x-face-content\" style=\"padding: 2% 2% 2% 2%;\"><div class=\"x-face-graphic\"><img decoding=\"async\" style=\"margin: 0; width: 100%;\" src=\"https:\/\/kitabiberbau.ch\/wp-content\/uploads\/2025\/01\/Doreen.jpg\"><\/div><h4 class=\"x-face-title\"> <\/h4><p class=\"x-face-text\"> <\/p><\/div><\/div><\/div><div class=\"x-face-outer back\" style=\"border-width: 8px 8px 8px 8px; border-style: none; border-color: #744288; color: #ffffff; background-color: hsl(180, 92%, 19%);\"><div class=\"x-face-inner\"><div class=\"x-face-content\" style=\"padding: 2% 2% 2% 2%;\"><h4 class=\"x-face-title\">Doreen G\u00f6tz, Assistentin<\/h4><p class=\"x-face-text\">\u00abIch liebe es, Kinder auf ihrem Weg zu begleiten, sie zu f\u00f6rdern oder zu fordern und ihnen wenn n\u00f6tig unterst\u00fctzend zur Seite zu stehen. Kinder sind G\u00e4ste, die nach dem Weg fragen. Ihr L\u00e4cheln erhellt die Seele.\u00bb<\/p><\/div><\/div><\/div><\/div><\/div><div  class=\"x-card-outer flip-from-bottom center-vertically\" data-x-element=\"classic_card\"><div class=\"x-card-inner\"><div class=\"x-face-outer front\" style=\"border-width: 8px 8px 8px 8px; border-style: none; border-color: #2772a4; color: #ffffff; background-color: transparent;\"><div class=\"x-face-inner\"><div class=\"x-face-content\" style=\"padding: 2% 2% 2% 2%;\"><div class=\"x-face-graphic\"><img decoding=\"async\" style=\"margin: 0; width: 100%;\" src=\"https:\/\/kitabiberbau.ch\/wp-content\/uploads\/2025\/01\/Bea.jpg\"><\/div><h4 class=\"x-face-title\"> <\/h4><p class=\"x-face-text\"> <\/p><\/div><\/div><\/div><div class=\"x-face-outer back\" style=\"border-width: 8px 8px 8px 8px; border-style: none; border-color: #744288; color: #ffffff; background-color: hsl(326, 100%, 59%);\"><div class=\"x-face-inner\"><div class=\"x-face-content\" style=\"padding: 2% 2% 2% 2%;\"><h4 class=\"x-face-title\">Beatrix S\u00fcsstrunk, Assistentin<\/h4><p class=\"x-face-text\">\"Ein Lachen auf die Gesichter der Kinder zu  bringen, bereitet mir grosse Freude. Die Kinder durch den Kitaalltag zu begleiten, deren Fortschritte zu beobachten und zu unterst\u00fctzen, motiviert und begeistert mich jedes Mal im Kitaalltag.\"<\/p><\/div><\/div><\/div><\/div><\/div><div  class=\"x-card-outer flip-from-bottom center-vertically\" data-x-element=\"classic_card\"><div class=\"x-card-inner\"><div class=\"x-face-outer front\" style=\"border-width: 8px 8px 8px 8px; border-style: none; border-color: #2772a4; color: #ffffff; background-color: transparent;\"><div class=\"x-face-inner\"><div class=\"x-face-content\" style=\"padding: 2% 2% 2% 2%;\"><div class=\"x-face-graphic\"><img decoding=\"async\" style=\"margin: 0; width: 100%;\" src=\"https:\/\/kitabiberbau.ch\/wp-content\/uploads\/2025\/08\/Timea-Haenni-2.jpg\"><\/div><h4 class=\"x-face-title\"> <\/h4><p class=\"x-face-text\"> <\/p><\/div><\/div><\/div><div class=\"x-face-outer back\" style=\"border-width: 8px 8px 8px 8px; border-style: none; border-color: #744288; color: #ffffff; background-color: hsl(197, 34%, 37%);\"><div class=\"x-face-inner\"><div class=\"x-face-content\" style=\"padding: 2% 2% 2% 2%;\"><h4 class=\"x-face-title\">Timea H\u00e4nni, Lernende 1. Lehrjahr<\/h4><p class=\"x-face-text\">\u00abIch staune \u00fcber die Freude, die die Kinder ausstrahlen und mit der sie mich anstecken. Und ich freue mich riesig darauf, die Entwicklung der Kinder beobachten und sie im Alltag begleiten zu d\u00fcrfen.\u00bb<\/p><\/div><\/div><\/div><\/div><\/div><\/div><div class=\"x-col e1241-e73 myh-o myh-p myh-q\"><\/div><\/div><\/div><\/div><\/div>\n","protected":false},"excerpt":{"rendered":"<p>TeamDie Arbeit mit Kindern ist vielseitig und anspruchsvoll. Sie bringt Freude und motiviert.Unser professionelles Team begleitet und unterst\u00fctzt Ihr Kind in seiner Individualit\u00e4t, f\u00f6rdert es gezielt in seiner Entwicklung, in seinem sozialen Verhalten und gestaltet einen abwechslungsreichen Alltag in einer kindgerechten und liebevollen Umgebung. Auch die Anliegen der Eltern nehmen wir entgegen und gehen gerne darauf ein.Team Kita BiberBau Sch&ouml;nenbergGerne &#8230; <\/p>\n<div><a href=\"https:\/\/kitabiberbau.ch\/?page_id=1241\" class=\"more-link\">Read More<\/a><\/div>\n","protected":false},"author":1,"featured_media":0,"parent":0,"menu_order":0,"comment_status":"closed","ping_status":"closed","template":"template-blank-4.php","meta":{"footnotes":""},"class_list":["post-1241","page","type-page","status-publish","hentry","no-post-thumbnail"],"_links":{"self":[{"href":"https:\/\/kitabiberbau.ch\/index.php?rest_route=\/wp\/v2\/pages\/1241","targetHints":{"allow":["GET"]}}],"collection":[{"href":"https:\/\/kitabiberbau.ch\/index.php?rest_route=\/wp\/v2\/pages"}],"about":[{"href":"https:\/\/kitabiberbau.ch\/index.php?rest_route=\/wp\/v2\/types\/page"}],"author":[{"embeddable":true,"href":"https:\/\/kitabiberbau.ch\/index.php?rest_route=\/wp\/v2\/users\/1"}],"replies":[{"embeddable":true,"href":"https:\/\/kitabiberbau.ch\/index.php?rest_route=%2Fwp%2Fv2%2Fcomments&post=1241"}],"version-history":[{"count":67,"href":"https:\/\/kitabiberbau.ch\/index.php?rest_route=\/wp\/v2\/pages\/1241\/revisions"}],"predecessor-version":[{"id":1600,"href":"https:\/\/kitabiberbau.ch\/index.php?rest_route=\/wp\/v2\/pages\/1241\/revisions\/1600"}],"wp:attachment":[{"href":"https:\/\/kitabiberbau.ch\/index.php?rest_route=%2Fwp%2Fv2%2Fmedia&parent=1241"}],"curies":[{"name":"wp","href":"https:\/\/api.w.org\/{rel}","templated":true}]}}