{"id":1136,"date":"2024-09-11T18:25:39","date_gmt":"2024-09-11T18:25:39","guid":{"rendered":"https:\/\/kitabiberbau.ch\/?page_id=1136"},"modified":"2025-10-08T05:37:30","modified_gmt":"2025-10-08T05:37:30","slug":"team-weinfelden","status":"publish","type":"page","link":"https:\/\/kitabiberbau.ch\/?page_id=1136","title":{"rendered":"Team  Weinfelden"},"content":{"rendered":"<div id=\"cs-content\" class=\"cs-content\"><div class=\"x-section x-hide-sm x-hide-xs e1136-e1 mvk-0 mvk-1 mvk-2\"><div class=\"x-bg\"><div class=\"x-bg-layer-lower-img\"><img decoding=\"async\" src=\"https:\/\/kitabiberbau.ch\/wp-content\/uploads\/2021\/03\/hands-web-1.jpg\" alt=\"Kinderh\u00e4nde\" loading=\"lazy\"\/><\/div><\/div><div class=\"x-row x-container max width e1136-e2 mvk-9 mvk-a mvk-c mvk-d\"><div class=\"x-row-inner\"><div class=\"x-col e1136-e3 mvk-p mvk-q mvk-r\"><div class=\"x-text x-content e1136-e4 mvk-u mvk-v mvk-w mvk-x mvk-y\"><h1 style=\"text-align: center;\"><span style=\"color: #ffffff;\">Team<\/span><\/h1><\/div><\/div><\/div><\/div><\/div><div class=\"x-section x-hide-sm x-hide-xs e1136-e5 mvk-0 mvk-3 mvk-4 mvk-5 mvk-6\"><div class=\"x-row x-container max width e1136-e6 mvk-9 mvk-b mvk-c mvk-e\"><div class=\"x-row-inner\"><div class=\"x-col e1136-e7 mvk-p mvk-r mvk-s\"><div class=\"x-text x-content e1136-e8 mvk-u mvk-v mvk-z mvk-10\"><p>Die Arbeit mit Kindern ist vielseitig und anspruchsvoll. <br \/>Sie bringt Freude und motiviert.<strong><br \/><\/strong><\/p><\/div><div class=\"x-text x-content e1136-e9 mvk-u mvk-v mvk-y mvk-11 mvk-12\"><p style=\"text-align: justify;\">Unser professionelles Team begleitet und unterst\u00fctzt Ihr Kind in seiner Individualit\u00e4t, f\u00f6rdert es gezielt in seiner Entwicklung, in seinem sozialen Verhalten und gestaltet einen abwechslungsreichen Alltag in einer kindgerechten und liebevollen Umgebung. Auch die Anliegen der Eltern nehmen wir entgegen und gehen gerne darauf ein.<\/p><\/div><\/div><\/div><\/div><\/div><div class=\"x-section x-hide-sm x-hide-xs e1136-e10 mvk-0 mvk-4 mvk-6 mvk-7\"><div class=\"x-row x-container max width e1136-e11 mvk-9 mvk-a mvk-c mvk-f\"><div class=\"x-row-inner\"><div class=\"x-col e1136-e12 mvk-p mvk-q mvk-r\"><div class=\"x-text x-content e1136-e13 mvk-u mvk-v mvk-z mvk-10\"><p>Team der Model Kita BiberBau<\/p><\/div><div class=\"x-text x-content e1136-e14 mvk-u mvk-v mvk-y mvk-11 mvk-13\"><p style=\"text-align: center;\">Gerne stellen wir Ihnen hier unser Team der Model Kita BiberBau Weinfelden vor.<\/p><\/div><\/div><\/div><\/div><\/div><div class=\"x-section x-hide-sm x-hide-xs e1136-e15 mvk-0 mvk-2 mvk-3 mvk-4 mvk-8\"><div class=\"x-row x-container max width e1136-e16 mvk-9 mvk-a mvk-c mvk-g\"><div class=\"x-row-inner\"><div class=\"x-col e1136-e17 mvk-p mvk-q mvk-r\"><div  class=\"x-card-outer flip-from-bottom center-vertically\" data-x-element=\"classic_card\"><div class=\"x-card-inner\"><div class=\"x-face-outer front\" style=\"border-width: 8px 8px 8px 8px; border-style: none; border-color: #2772a4; color: #ffffff; background-color: transparent;\"><div class=\"x-face-inner\"><div class=\"x-face-content\" style=\"padding: 2% 2% 2% 2%;\"><div class=\"x-face-graphic\"><img decoding=\"async\" style=\"margin: 0; width: 100%;\" src=\"https:\/\/kitabiberbau.ch\/wp-content\/uploads\/2021\/04\/Dani-und-Jasmin_640x640.jpg\"><\/div><h4 class=\"x-face-title\"> <\/h4><p class=\"x-face-text\"> <\/p><\/div><\/div><\/div><div class=\"x-face-outer back\" style=\"border-width: 8px 8px 8px 8px; border-style: none; border-color: #744288; color: #ffffff; background-color: #82368c;\"><div class=\"x-face-inner\"><div class=\"x-face-content\" style=\"padding: 2% 2% 2% 2%;\"><h4 class=\"x-face-title\">Dani und Jasmin Costa, Gesch\u00e4ftsleiter<\/h4><p class=\"x-face-text\">Im Mittelpunkt steht immer das Kind\u00bb Als Eltern von 3 Kindern d\u00fcrfen wir miterleben, wie sie sich t\u00e4glich weiter entwickeln und immer wieder Neues dazu lernen. Gerne lassen wir uns in diese zauberhafte Kinderwelt entf\u00fchren, in der es so viele in Vergessenheit geratene Wunder zu entdecken gibt. \n\u00abManchmal sind es die kleinsten Dinge, welche den meisten Platz in deinem Herzen einnehmen\u00bb  Winnie Puuh\"<\/p><\/div><\/div><\/div><\/div><\/div><div  class=\"x-card-outer flip-from-bottom center-vertically\" data-x-element=\"classic_card\"><div class=\"x-card-inner\"><div class=\"x-face-outer front\" style=\"border-width: 8px 8px 8px 8px; border-style: none; border-color: #2772a4; color: #ffffff; background-color: transparent;\"><div class=\"x-face-inner\"><div class=\"x-face-content\" style=\"padding: 2% 2% 2% 2%;\"><div class=\"x-face-graphic\"><img decoding=\"async\" style=\"margin: 0; width: 100%;\" src=\"https:\/\/kitabiberbau.ch\/wp-content\/uploads\/2025\/03\/Ramona-Schuemperli.jpg\"><\/div><h4 class=\"x-face-title\"> <\/h4><p class=\"x-face-text\"> <\/p><\/div><\/div><\/div><div class=\"x-face-outer back\" style=\"border-width: 8px 8px 8px 8px; border-style: none; border-color: #744288; color: #ffffff; background-color: #c78aa8;\"><div class=\"x-face-inner\"><div class=\"x-face-content\" style=\"padding: 2% 2% 2% 2%;\"><h4 class=\"x-face-title\">Ramona Sch\u00fcmperli, Gruppenleiterin<\/h4><p class=\"x-face-text\">\"Mir ist es wichtig, Kinder in ihrer Entwicklung zu unterst\u00fctzen. Mit viel Geduld und Einf\u00fchlungsverm\u00f6gen begleite ich sie und sorge daf\u00fcr, dass sie sich wohlf\u00fchlen, wachsen und die Welt entdecken k\u00f6nnen..\" <\/p><\/div><\/div><\/div><\/div><\/div><\/div><div class=\"x-col e1136-e20 mvk-p mvk-q mvk-r\"><div  class=\"x-card-outer flip-from-bottom center-vertically\" data-x-element=\"classic_card\"><div class=\"x-card-inner\"><div class=\"x-face-outer front\" style=\"border-width: 8px 8px 8px 8px; border-style: none; border-color: #2772a4; color: #ffffff; background-color: transparent;\"><div class=\"x-face-inner\"><div class=\"x-face-content\" style=\"padding: 2% 2% 2% 2%;\"><div class=\"x-face-graphic\"><img decoding=\"async\" style=\"margin: 0; width: 100%;\" src=\"https:\/\/kitabiberbau.ch\/wp-content\/uploads\/2021\/04\/Anja-Hartnack_640x640.jpg\"><\/div><h4 class=\"x-face-title\"> <\/h4><p class=\"x-face-text\"> <\/p><\/div><\/div><\/div><div class=\"x-face-outer back\" style=\"border-width: 8px 8px 8px 8px; border-style: none; border-color: #744288; color: #ffffff; background-color: #e30613;\"><div class=\"x-face-inner\"><div class=\"x-face-content\" style=\"padding: 2% 2% 2% 2%;\"><h4 class=\"x-face-title\">Anja Kessler, Institutionsleiterin<\/h4><p class=\"x-face-text\">\"Meine Geduld und verst\u00e4ndnisvolle Art zeichnen mich bei der Arbeit mit den Kindern aus.\n\nViel Freude bereitet es mir, die Kinder in ihrer Entwicklung zu begleiten und zu f\u00f6rdern.\n\nDas Lachen und die Freude von Kindern geben mir viel zur\u00fcck: Jeder Tag ist einzigartig!\"<\/p><\/div><\/div><\/div><\/div><\/div><div  class=\"x-card-outer flip-from-bottom center-vertically\" data-x-element=\"classic_card\"><div class=\"x-card-inner\"><div class=\"x-face-outer front\" style=\"border-width: 8px 8px 8px 8px; border-style: none; border-color: #2772a4; color: #ffffff; background-color: transparent;\"><div class=\"x-face-inner\"><div class=\"x-face-content\" style=\"padding: 2% 2% 2% 2%;\"><div class=\"x-face-graphic\"><img decoding=\"async\" style=\"margin: 0; width: 100%; 100 %;\" src=\"https:\/\/kitabiberbau.ch\/wp-content\/uploads\/2024\/12\/Patricia-Luescher.jpg\"><\/div><h4 class=\"x-face-title\"> <\/h4><p class=\"x-face-text\"> <\/p><\/div><\/div><\/div><div class=\"x-face-outer back\" style=\"border-width: 8px 8px 8px 8px; border-style: none; border-color: #744288; color: #ffffff; background-color: #047e04ce;\"><div class=\"x-face-inner\"><div class=\"x-face-content\" style=\"padding: 2% 2% 2% 2%;\"><h4 class=\"x-face-title\">Patricia L\u00fcscher, Miterzieherin<\/h4><p class=\"x-face-text\">\"Es bereitet mir grosse Freude, Kinder auf ihrem Weg zu begleiten, ihre Fortschritte mitzuverfolgen und sie liebevoll in ihrer Entwicklung zu f\u00f6rdern. Durch meine Erfahrung als Mutter kann ich mich besonders einf\u00fchlsam in die Welt der Kinder hineinversetzen und ihre Bed\u00fcrfnisse noch besser verstehen.\"<\/p><\/div><\/div><\/div><\/div><\/div><\/div><div class=\"x-col e1136-e23 mvk-p mvk-q mvk-r\"><div  class=\"x-card-outer flip-from-bottom center-vertically\" data-x-element=\"classic_card\"><div class=\"x-card-inner\"><div class=\"x-face-outer front\" style=\"border-width: 8px 8px 8px 8px; border-style: none; border-color: #2772a4; color: #ffffff; background-color: transparent;\"><div class=\"x-face-inner\"><div class=\"x-face-content\" style=\"padding: 2% 2% 2% 2%;\"><div class=\"x-face-graphic\"><img decoding=\"async\" style=\"margin: 0; width: 100%;\" src=\"https:\/\/kitabiberbau.ch\/wp-content\/uploads\/2024\/12\/Sandra-Matias-2.jpg\"><\/div><h4 class=\"x-face-title\"> <\/h4><p class=\"x-face-text\"> <\/p><\/div><\/div><\/div><div class=\"x-face-outer back\" style=\"border-width: 8px 8px 8px 8px; border-style: none; border-color: #744288; color: #ffffff; background-color: hsl(199, 100%, 30%);\"><div class=\"x-face-inner\"><div class=\"x-face-content\" style=\"padding: 2% 2% 2% 2%;\"><h4 class=\"x-face-title\">Sandra Matias, Standortleiterin<\/h4><p class=\"x-face-text\">\u00abKinder sind wie kleine K\u00fcnstler, die das Leben mit ihren bunten Farben und ihrer Kreativit\u00e4t versch\u00f6nern. Als werdende Mama bringe ich viel Herz und Freude in meine Arbeit. Mit einem besonderen Fokus auf eine Liebevolle und f\u00f6rdernde Atmosph\u00e4re sorge ich daf\u00fcr, dass sich Kinder, Eltern und Teammitglieder rundum wohlf\u00fchlen.\"<\/p><\/div><\/div><\/div><\/div><\/div><div  class=\"x-card-outer flip-from-bottom center-vertically\" data-x-element=\"classic_card\"><div class=\"x-card-inner\"><div class=\"x-face-outer front\" style=\"border-width: 8px 8px 8px 8px; border-style: none; border-color: #2772a4; color: #ffffff; background-color: transparent;\"><div class=\"x-face-inner\"><div class=\"x-face-content\" style=\"padding: 2% 2% 2% 2%;\"><div class=\"x-face-graphic\"><img decoding=\"async\" style=\"margin: 0; width: 100%;\" src=\"https:\/\/kitabiberbau.ch\/wp-content\/uploads\/2025\/09\/Flavio-Rueegger.jpg\"><\/div><h4 class=\"x-face-title\"> <\/h4><p class=\"x-face-text\"> <\/p><\/div><\/div><\/div><div class=\"x-face-outer back\" style=\"border-width: 8px 8px 8px 8px; border-style: none; border-color: #744288; color: #ffffff; background-color: hsl(236, 100%, 30%);\"><div class=\"x-face-inner\"><div class=\"x-face-content\" style=\"padding: 2% 2% 2% 2%;\"><h4 class=\"x-face-title\">Flavio R\u00fcegger, Lernender im 1. Lehrjahr<\/h4><p class=\"x-face-text\">\u00abEs ist sch\u00f6n zu sehen, wie sich die Kinder in kurzer Zeit weiterentwickeln. Es bereitet mir sehr viel Freude dabei zu sein und jedes Kind individuell einf\u00fchlsam begleiten darf.\"<\/p><\/div><\/div><\/div><\/div><\/div><\/div><\/div><\/div><div class=\"x-row x-container max width e1136-e26 mvk-9 mvk-a mvk-c mvk-h\"><div class=\"x-row-inner\"><div class=\"x-col e1136-e27 mvk-p mvk-q mvk-r\"><\/div><div class=\"x-col e1136-e28 mvk-p mvk-q mvk-r\"><\/div><div class=\"x-col e1136-e29 mvk-p mvk-q mvk-r\"><div  class=\"x-card-outer flip-from-bottom center-vertically\" data-x-element=\"classic_card\"><div class=\"x-card-inner\"><div class=\"x-face-outer front\" style=\"border-width: 8px 8px 8px 8px; border-style: none; border-color: #2772a4; color: #ffffff; background-color: transparent;\"><div class=\"x-face-inner\"><div class=\"x-face-content\" style=\"padding: 2% 2% 2% 2%;\"><h4 class=\"x-face-title\"> <\/h4><p class=\"x-face-text\"> <\/p><\/div><\/div><\/div><div class=\"x-face-outer back\" style=\"border-width: 8px 8px 8px 8px; border-style: none; border-color: #744288; color: #ffffff; background-color: hsl(199, 100%, 30%);\"><div class=\"x-face-inner\"><div class=\"x-face-content\" style=\"padding: 2% 2% 2% 2%;\"><h4 class=\"x-face-title\">Back Title<\/h4><p class=\"x-face-text\">This is where the text for the back of your card should go.<\/p><\/div><\/div><\/div><\/div><\/div><\/div><\/div><\/div><\/div><div class=\"x-section x-hide-lg x-hide-md x-hide-xl e1136-e31 mvk-0 mvk-1 mvk-2\"><div class=\"x-bg\"><div class=\"x-bg-layer-lower-img\"><img decoding=\"async\" src=\"https:\/\/kitabiberbau.ch\/wp-content\/uploads\/2021\/03\/hands-web-1.jpg\" alt=\"Kinderh\u00e4nde\" loading=\"lazy\"\/><\/div><\/div><div class=\"x-row x-container max width e1136-e32 mvk-9 mvk-a mvk-c mvk-i\"><div class=\"x-row-inner\"><div class=\"x-col e1136-e33 mvk-p mvk-q mvk-r\"><div class=\"x-text x-content e1136-e34 mvk-u mvk-v mvk-w mvk-y mvk-13\"><h2 style=\"text-align: center;\"><span style=\"color: #ffffff;\">Team<\/span><\/h2><\/div><\/div><\/div><\/div><\/div><div class=\"x-section x-hide-lg x-hide-md x-hide-xl e1136-e35 mvk-0 mvk-3 mvk-4 mvk-5 mvk-6\"><div class=\"x-row x-container max width e1136-e36 mvk-9 mvk-b mvk-c mvk-j\"><div class=\"x-row-inner\"><div class=\"x-col e1136-e37 mvk-p mvk-r mvk-s\"><div class=\"x-text x-content e1136-e38 mvk-u mvk-z mvk-14\"><p style=\"text-align: center;\">Die Arbeit mit Kindern ist vielseitig und anspruchsvoll. <br \/>Sie bringt Freude und motiviert.<br \/><br \/><\/p><\/div><div class=\"x-text x-content e1136-e39 mvk-u mvk-v mvk-y mvk-11 mvk-15\"><p style=\"text-align: justify;\">Unser professionelles Team begleitet und unterst&uuml;tzt Ihr Kind in seiner Individualit&auml;t, f&ouml;rdert es gezielt in seiner Entwicklung, in seinem sozialen Verhalten und gestaltet einen abwechslungsreichen Alltag in einer kindgerechten und liebevollen Umgebung. Auch die Anliegen der Eltern nehmen wir entgegen und gehen gerne darauf ein.<\/p><\/div><\/div><\/div><\/div><\/div><div class=\"x-section x-hide-lg x-hide-md x-hide-xl e1136-e40 mvk-0 mvk-4 mvk-6 mvk-7\"><div class=\"x-row x-container max width e1136-e41 mvk-9 mvk-a mvk-c mvk-k\"><div class=\"x-row-inner\"><div class=\"x-col e1136-e42 mvk-p mvk-q mvk-r\"><div class=\"x-text x-content e1136-e43 mvk-u mvk-z mvk-14\"><p>Team der Kita BiberBau<\/p><\/div><div class=\"x-text x-content e1136-e44 mvk-u mvk-v mvk-y mvk-11 mvk-15\"><p style=\"text-align: center;\">Gerne stellen wir Ihnen hier unser Team der Model Kita BiberBau Weinfelden vor.<\/p><\/div><\/div><\/div><\/div><\/div><div class=\"x-section x-hide-lg x-hide-md x-hide-xl e1136-e45 mvk-0 mvk-2 mvk-3 mvk-4 mvk-8\"><div class=\"x-row x-container max width e1136-e46 mvk-9 mvk-a mvk-c mvk-l\"><div class=\"x-row-inner\"><div class=\"x-col e1136-e47 mvk-p mvk-q mvk-t\"><div  class=\"x-card-outer flip-from-bottom center-vertically\" data-x-element=\"classic_card\"><div class=\"x-card-inner\"><div class=\"x-face-outer front\" style=\"border-width: 8px 8px 8px 8px; border-style: none; border-color: #2772a4; color: #ffffff; background-color: transparent;\"><div class=\"x-face-inner\"><div class=\"x-face-content\" style=\"padding: 2% 2% 2% 2%;\"><div class=\"x-face-graphic\"><img decoding=\"async\" style=\"margin: 0; width: 100%;\" src=\"https:\/\/kitabiberbau.ch\/wp-content\/uploads\/2021\/04\/Dani-und-Jasmin_640x640.jpg\"><\/div><h4 class=\"x-face-title\"> <\/h4><p class=\"x-face-text\"> <\/p><\/div><\/div><\/div><div class=\"x-face-outer back\" style=\"border-width: 8px 8px 8px 8px; border-style: none; border-color: #744288; color: #ffffff; background-color: #82368c;\"><div class=\"x-face-inner\"><div class=\"x-face-content\" style=\"padding: 2% 2% 2% 2%;\"><h4 class=\"x-face-title\">Dani und Jasmin Costa, Gesch\u00e4ftsf\u00fchrer<\/h4><p class=\"x-face-text\">\u00abIm Mittelpunkt steht immer das Kind\u00bb Als Eltern von 3 Kindern d\u00fcrfen wir miterleben, wie sie sich t\u00e4glich weiter entwickeln und immer wieder Neues dazu lernen. Gerne lassen wir uns in diese zauberhafte Kinderwelt entf\u00fchren, in der es so viele in Vergessenheit geratene Wunder zu entdecken gibt. \n\u00abManchmal sind es die kleinsten Dinge, welche den meisten Platz in deinem Herzen einnehmen\u00bb  Winnie Puuh\"<\/p><\/div><\/div><\/div><\/div><\/div><\/div><div class=\"x-col e1136-e49 mvk-p mvk-q mvk-t\"><div  class=\"x-card-outer flip-from-bottom center-vertically\" data-x-element=\"classic_card\"><div class=\"x-card-inner\"><div class=\"x-face-outer front\" style=\"border-width: 8px 8px 8px 8px; border-style: none; border-color: #2772a4; color: #ffffff; background-color: transparent;\"><div class=\"x-face-inner\"><div class=\"x-face-content\" style=\"padding: 2% 2% 2% 2%;\"><div class=\"x-face-graphic\"><img decoding=\"async\" style=\"margin: 0; width: 100%;\" src=\"https:\/\/kitabiberbau.ch\/wp-content\/uploads\/2021\/04\/Anja-Hartnack_640x640.jpg\"><\/div><h4 class=\"x-face-title\"> <\/h4><p class=\"x-face-text\"> <\/p><\/div><\/div><\/div><div class=\"x-face-outer back\" style=\"border-width: 8px 8px 8px 8px; border-style: none; border-color: #744288; color: #ffffff; background-color: #e30613;\"><div class=\"x-face-inner\"><div class=\"x-face-content\" style=\"padding: 2% 2% 2% 2%;\"><h4 class=\"x-face-title\">Anja Kessler, Institutionsleiterin<\/h4><p class=\"x-face-text\">\"Meine Geduld und verst\u00e4ndnisvolle Art zeichnen mich bei der Arbeit mit den Kindern aus.\n\nViel Freude bereitet es mir, die Kinder in ihrer Entwicklung zu begleiten und zu f\u00f6rdern.\n\nDas Lachen und die Freude von Kindern geben mir viel zur\u00fcck: Jeder Tag ist einzigartig!\"<\/p><\/div><\/div><\/div><\/div><\/div><\/div><\/div><\/div><div class=\"x-row x-container max width e1136-e51 mvk-9 mvk-a mvk-c mvk-m\"><div class=\"x-row-inner\"><div class=\"x-col e1136-e52 mvk-p mvk-q mvk-t\"><div  class=\"x-card-outer flip-from-bottom center-vertically\" data-x-element=\"classic_card\"><div class=\"x-card-inner\"><div class=\"x-face-outer front\" style=\"border-width: 8px 8px 8px 8px; border-style: none; border-color: #2772a4; color: #ffffff; background-color: transparent;\"><div class=\"x-face-inner\"><div class=\"x-face-content\" style=\"padding: 2% 2% 2% 2%;\"><div class=\"x-face-graphic\"><img decoding=\"async\" style=\"margin: 0; width: 100%;\" src=\"https:\/\/kitabiberbau.ch\/wp-content\/uploads\/2024\/12\/Sandra-Matias-2.jpg\"><\/div><h4 class=\"x-face-title\"> <\/h4><p class=\"x-face-text\"> <\/p><\/div><\/div><\/div><div class=\"x-face-outer back\" style=\"border-width: 8px 8px 8px 8px; border-style: none; border-color: #744288; color: #ffffff; background-color: hsl(199, 100%, 30%);\"><div class=\"x-face-inner\"><div class=\"x-face-content\" style=\"padding: 2% 2% 2% 2%;\"><h4 class=\"x-face-title\">Sandra Matias, Standortleiterin<\/h4><p class=\"x-face-text\">\u00abKinder sind wie kleine K\u00fcnstler, die das Leben mit ihren bunten Farben und ihrer Kreativit\u00e4t versch\u00f6nern. Als werdende Mama bringe ich viel Herz und Freude in meine Arbeit. Mit einem besonderen Fokus auf eine Liebevolle und f\u00f6rdernde Atmosph\u00e4re sorge ich daf\u00fcr, dass sich Kinder, Eltern und Teammitglieder rundum wohlf\u00fchlen.\"<\/p><\/div><\/div><\/div><\/div><\/div><\/div><\/div><\/div><div class=\"x-row x-container max width e1136-e54 mvk-9 mvk-a mvk-c mvk-n\"><div class=\"x-row-inner\"><div class=\"x-col e1136-e55 mvk-p mvk-q mvk-t\"><div  class=\"x-card-outer flip-from-bottom center-vertically\" data-x-element=\"classic_card\"><div class=\"x-card-inner\"><div class=\"x-face-outer front\" style=\"border-width: 8px 8px 8px 8px; border-style: none; border-color: #2772a4; color: #ffffff; background-color: transparent;\"><div class=\"x-face-inner\"><div class=\"x-face-content\" style=\"padding: 2% 2% 2% 2%;\"><div class=\"x-face-graphic\"><img decoding=\"async\" style=\"margin: 0; width: 100%;\" src=\"https:\/\/kitabiberbau.ch\/wp-content\/uploads\/2025\/03\/Ramona-Schuemperli.jpg\"><\/div><h4 class=\"x-face-title\"> <\/h4><p class=\"x-face-text\"> <\/p><\/div><\/div><\/div><div class=\"x-face-outer back\" style=\"border-width: 8px 8px 8px 8px; border-style: none; border-color: #744288; color: #ffffff; background-color: #c78aa8;\"><div class=\"x-face-inner\"><div class=\"x-face-content\" style=\"padding: 2% 2% 2% 2%;\"><h4 class=\"x-face-title\">Ramona Sch\u00fcmperli, Gruppenleiterin<\/h4><p class=\"x-face-text\">\"Mir ist es wichtig, Kinder in ihrer Entwicklung zu unterst\u00fctzen. Mit viel Geduld und Einf\u00fchlungsverm\u00f6gen begleite ich sie und sorge daf\u00fcr, dass sie sich wohlf\u00fchlen, wachsen und die Welt entdecken k\u00f6nnen..\" <\/p><\/div><\/div><\/div><\/div><\/div><\/div><\/div><\/div><div class=\"x-row x-container max width e1136-e57 mvk-9 mvk-a mvk-c mvk-o\"><div class=\"x-row-inner\"><div class=\"x-col e1136-e58 mvk-p mvk-q mvk-t\"><div  class=\"x-card-outer flip-from-bottom center-vertically\" data-x-element=\"classic_card\"><div class=\"x-card-inner\"><div class=\"x-face-outer front\" style=\"border-width: 8px 8px 8px 8px; border-style: none; border-color: #2772a4; color: #ffffff; background-color: transparent;\"><div class=\"x-face-inner\"><div class=\"x-face-content\" style=\"padding: 2% 2% 2% 2%;\"><div class=\"x-face-graphic\"><img decoding=\"async\" style=\"margin: 0; width: 100%;\" src=\"https:\/\/kitabiberbau.ch\/wp-content\/uploads\/2024\/12\/Patricia-Luescher.jpg\"><\/div><h4 class=\"x-face-title\"> <\/h4><p class=\"x-face-text\"> <\/p><\/div><\/div><\/div><div class=\"x-face-outer back\" style=\"border-width: 8px 8px 8px 8px; border-style: none; border-color: #744288; color: #ffffff; background-color: #047e04ce;\"><div class=\"x-face-inner\"><div class=\"x-face-content\" style=\"padding: 2% 2% 2% 2%;\"><h4 class=\"x-face-title\">Patricia L\u00fcscher, Miterzieherin<\/h4><p class=\"x-face-text\">\"Es bereitet mir grosse Freude, Kinder auf ihrem Weg zu begleiten, ihre Fortschritte mitzuverfolgen und sie liebevoll in ihrer Entwicklung zu f\u00f6rdern. Durch meine Erfahrung als Mutter kann ich mich besonders einf\u00fchlsam in die Welt der Kinder hineinversetzen und ihre Bed\u00fcrfnisse noch besser verstehen.\"<\/p><\/div><\/div><\/div><\/div><\/div><div  class=\"x-card-outer flip-from-bottom center-vertically\" data-x-element=\"classic_card\"><div class=\"x-card-inner\"><div class=\"x-face-outer front\" style=\"border-width: 8px 8px 8px 8px; border-style: none; border-color: #2772a4; color: #ffffff; background-color: transparent;\"><div class=\"x-face-inner\"><div class=\"x-face-content\" style=\"padding: 2% 2% 2% 2%;\"><div class=\"x-face-graphic\"><img decoding=\"async\" style=\"margin: 0; width: 100%;\" src=\"https:\/\/kitabiberbau.ch\/wp-content\/uploads\/2025\/09\/Flavio-Rueegger.jpg\"><\/div><h4 class=\"x-face-title\"> <\/h4><p class=\"x-face-text\"> <\/p><\/div><\/div><\/div><div class=\"x-face-outer back\" style=\"border-width: 8px 8px 8px 8px; border-style: none; border-color: #744288; color: #ffffff; background-color: hsl(236, 100%, 30%);\"><div class=\"x-face-inner\"><div class=\"x-face-content\" style=\"padding: 2% 2% 2% 2%;\"><h4 class=\"x-face-title\">Flavio R\u00fcegger, Lernender im 1. Lehrjahr<\/h4><p class=\"x-face-text\">\"Es ist sch\u00f6n zu sehen, wie sich die Kinder in kurzer Zeit weiterentwickeln. Es bereitet mir sehr viel Freude dabei zu sein und jedes Kind individuell einf\u00fchlsam begleiten darf.\"<\/p><\/div><\/div><\/div><\/div><\/div><\/div><\/div><\/div><\/div><\/div>\n","protected":false},"excerpt":{"rendered":"<p>TeamDie Arbeit mit Kindern ist vielseitig und anspruchsvoll. Sie bringt Freude und motiviert.Unser professionelles Team begleitet und unterst\u00fctzt Ihr Kind in seiner Individualit\u00e4t, f\u00f6rdert es gezielt in seiner Entwicklung, in seinem sozialen Verhalten und gestaltet einen abwechslungsreichen Alltag in einer kindgerechten und liebevollen Umgebung. Auch die Anliegen der Eltern nehmen wir entgegen und gehen gerne darauf ein.Team der Model Kita &#8230; <\/p>\n<div><a href=\"https:\/\/kitabiberbau.ch\/?page_id=1136\" class=\"more-link\">Read More<\/a><\/div>\n","protected":false},"author":1,"featured_media":0,"parent":0,"menu_order":0,"comment_status":"closed","ping_status":"closed","template":"template-blank-4.php","meta":{"footnotes":""},"class_list":["post-1136","page","type-page","status-publish","hentry","no-post-thumbnail"],"_links":{"self":[{"href":"https:\/\/kitabiberbau.ch\/index.php?rest_route=\/wp\/v2\/pages\/1136","targetHints":{"allow":["GET"]}}],"collection":[{"href":"https:\/\/kitabiberbau.ch\/index.php?rest_route=\/wp\/v2\/pages"}],"about":[{"href":"https:\/\/kitabiberbau.ch\/index.php?rest_route=\/wp\/v2\/types\/page"}],"author":[{"embeddable":true,"href":"https:\/\/kitabiberbau.ch\/index.php?rest_route=\/wp\/v2\/users\/1"}],"replies":[{"embeddable":true,"href":"https:\/\/kitabiberbau.ch\/index.php?rest_route=%2Fwp%2Fv2%2Fcomments&post=1136"}],"version-history":[{"count":29,"href":"https:\/\/kitabiberbau.ch\/index.php?rest_route=\/wp\/v2\/pages\/1136\/revisions"}],"predecessor-version":[{"id":1560,"href":"https:\/\/kitabiberbau.ch\/index.php?rest_route=\/wp\/v2\/pages\/1136\/revisions\/1560"}],"wp:attachment":[{"href":"https:\/\/kitabiberbau.ch\/index.php?rest_route=%2Fwp%2Fv2%2Fmedia&parent=1136"}],"curies":[{"name":"wp","href":"https:\/\/api.w.org\/{rel}","templated":true}]}}